{"id":11250,"date":"2021-06-30T13:58:22","date_gmt":"2021-06-30T11:58:22","guid":{"rendered":"https:\/\/surfnsail.beeldrijmers.nl\/?page_id=11250"},"modified":"2026-04-24T12:03:14","modified_gmt":"2026-04-24T10:03:14","slug":"ubernachten","status":"publish","type":"page","link":"https:\/\/www.surf-makkum.com\/de\/gruppenaktivitaeten\/ubernachten\/","title":{"rendered":"Ubernachten"},"content":{"rendered":"\t\t<div data-elementor-type=\"wp-page\" data-elementor-id=\"11250\" class=\"elementor elementor-11250 elementor-7630\" data-elementor-post-type=\"page\">\n\t\t\t\t\t\t<section class=\"elementor-section elementor-top-section elementor-element elementor-element-0d29494 elementor-section-height-min-height banner elementor-section-boxed elementor-section-height-default elementor-section-items-middle\" data-id=\"0d29494\" data-element_type=\"section\" data-e-type=\"section\" data-settings=\"{&quot;background_background&quot;:&quot;classic&quot;,&quot;shape_divider_bottom&quot;:&quot;triangle&quot;,&quot;shape_divider_bottom_negative&quot;:&quot;yes&quot;}\">\n\t\t\t\t\t\t\t<div class=\"elementor-background-overlay\"><\/div>\n\t\t\t\t\t\t<div class=\"elementor-shape elementor-shape-bottom\" aria-hidden=\"true\" data-negative=\"true\">\n\t\t\t<svg xmlns=\"http:\/\/www.w3.org\/2000\/svg\" viewBox=\"0 0 1000 100\" preserveAspectRatio=\"none\">\n\t<path class=\"elementor-shape-fill\" d=\"M500.2,94.7L0,0v100h1000V0L500.2,94.7z\"\/>\n<\/svg>\t\t<\/div>\n\t\t\t\t\t<div class=\"elementor-container elementor-column-gap-default\">\n\t\t\t\t\t<div class=\"elementor-column elementor-col-100 elementor-top-column elementor-element elementor-element-d5b600e\" data-id=\"d5b600e\" data-element_type=\"column\" data-e-type=\"column\">\n\t\t\t<div class=\"elementor-widget-wrap elementor-element-populated\">\n\t\t\t\t\t\t<div class=\"elementor-element elementor-element-ca6dcc2 page-title elementor-widget elementor-widget-heading\" data-id=\"ca6dcc2\" data-element_type=\"widget\" data-e-type=\"widget\" data-widget_type=\"heading.default\">\n\t\t\t\t<div class=\"elementor-widget-container\">\n\t\t\t\t\t<h1 class=\"elementor-heading-title elementor-size-default\">Ubernachten<\/h1>\t\t\t\t<\/div>\n\t\t\t\t<\/div>\n\t\t\t\t\t<\/div>\n\t\t<\/div>\n\t\t\t\t\t<\/div>\n\t\t<\/section>\n\t\t\t\t<section class=\"elementor-section elementor-top-section elementor-element elementor-element-0637684 space elementor-section-boxed elementor-section-height-default elementor-section-height-default\" data-id=\"0637684\" data-element_type=\"section\" data-e-type=\"section\">\n\t\t\t\t\t\t<div class=\"elementor-container elementor-column-gap-default\">\n\t\t\t\t\t<div class=\"elementor-column elementor-col-100 elementor-top-column elementor-element elementor-element-047af76\" data-id=\"047af76\" data-element_type=\"column\" data-e-type=\"column\">\n\t\t\t<div class=\"elementor-widget-wrap elementor-element-populated\">\n\t\t\t\t\t\t<div class=\"elementor-element elementor-element-8a46171 elementor-widget elementor-widget-heading\" data-id=\"8a46171\" data-element_type=\"widget\" data-e-type=\"widget\" data-widget_type=\"heading.default\">\n\t\t\t\t<div class=\"elementor-widget-container\">\n\t\t\t\t\t<h2 class=\"elementor-heading-title elementor-size-default\">Wohnwagen mieten<\/h2>\t\t\t\t<\/div>\n\t\t\t\t<\/div>\n\t\t\t\t<div class=\"elementor-element elementor-element-6b80725 elementor-widget elementor-widget-text-editor\" data-id=\"6b80725\" data-element_type=\"widget\" data-e-type=\"widget\" data-widget_type=\"text-editor.default\">\n\t\t\t\t<div class=\"elementor-widget-container\">\n\t\t\t\t\t\t\t\t\t<p>An den sch\u00f6nsten Pl\u00e4tzen des Campingplatzes De Holle Poarte hat Surf N Sail drei Wohnwagen mit Vorzelt. Diese Wohnwagen stehen direkt am Fahrwasser IJsselmeer \u2013 Makkum und bieten einen freien Blick \u00fcber die Noordwaard. Der Campingplatz De Holle Poarte liegt direkt am Strand, hinter der Surfschule.<\/p>\n<\/p>\n<p><b>Wenn du einen Wohnwagen auf dem Campingplatz De Holle Poarte buchst, verf\u00fcgst du \u00fcber:<\/b><\/p>\n\t\t\t\t\t\t\t\t<\/div>\n\t\t\t\t<\/div>\n\t\t\t\t<section class=\"elementor-section elementor-inner-section elementor-element elementor-element-15678d7 elementor-section-boxed elementor-section-height-default elementor-section-height-default\" data-id=\"15678d7\" data-element_type=\"section\" data-e-type=\"section\">\n\t\t\t\t\t\t<div class=\"elementor-container elementor-column-gap-default\">\n\t\t\t\t\t<div class=\"elementor-column elementor-col-33 elementor-inner-column elementor-element elementor-element-7e1a6d6\" data-id=\"7e1a6d6\" data-element_type=\"column\" data-e-type=\"column\">\n\t\t\t<div class=\"elementor-widget-wrap\">\n\t\t\t\t\t\t\t<\/div>\n\t\t<\/div>\n\t\t\t\t<div class=\"elementor-column elementor-col-33 elementor-inner-column elementor-element elementor-element-3492206\" data-id=\"3492206\" data-element_type=\"column\" data-e-type=\"column\">\n\t\t\t<div class=\"elementor-widget-wrap elementor-element-populated\">\n\t\t\t\t\t\t<div class=\"elementor-element elementor-element-62e31e6 elementor-align-start elementor-list-item-link-full_width elementor-widget elementor-widget-icon-list\" data-id=\"62e31e6\" data-element_type=\"widget\" data-e-type=\"widget\" data-widget_type=\"icon-list.default\">\n\t\t\t\t<div class=\"elementor-widget-container\">\n\t\t\t\t\t\t\t<ul class=\"elementor-icon-list-items\">\n\t\t\t\t\t\t\t<li class=\"elementor-icon-list-item\">\n\t\t\t\t\t\t\t\t\t\t\t<span class=\"elementor-icon-list-icon\">\n\t\t\t\t\t\t\t<i aria-hidden=\"true\" class=\"fas fa-check\"><\/i>\t\t\t\t\t\t<\/span>\n\t\t\t\t\t\t\t\t\t\t<span class=\"elementor-icon-list-text\">Ein beheiztes Sanit\u00e4rgeb\u00e4ude mit zahlreichen Duschen, Toiletten und Waschr\u00e4umen. Einen separaten Raum zum Abwaschen mit kostenlosem warmem Wasser. <\/span>\n\t\t\t\t\t\t\t\t\t<\/li>\n\t\t\t\t\t\t\t\t<li class=\"elementor-icon-list-item\">\n\t\t\t\t\t\t\t\t\t\t\t<span class=\"elementor-icon-list-icon\">\n\t\t\t\t\t\t\t<i aria-hidden=\"true\" class=\"fas fa-check\"><\/i>\t\t\t\t\t\t<\/span>\n\t\t\t\t\t\t\t\t\t\t<span class=\"elementor-icon-list-text\">Einen speziellen Babywaschraum f\u00fcr die Kleinsten. <\/span>\n\t\t\t\t\t\t\t\t\t<\/li>\n\t\t\t\t\t\t\t\t<li class=\"elementor-icon-list-item\">\n\t\t\t\t\t\t\t\t\t\t\t<span class=\"elementor-icon-list-icon\">\n\t\t\t\t\t\t\t<i aria-hidden=\"true\" class=\"fas fa-check\"><\/i>\t\t\t\t\t\t<\/span>\n\t\t\t\t\t\t\t\t\t\t<span class=\"elementor-icon-list-text\">Einen Stellplatz f\u00fcr das Auto neben dem Wohnwagen. <\/span>\n\t\t\t\t\t\t\t\t\t<\/li>\n\t\t\t\t\t\t\t\t<li class=\"elementor-icon-list-item\">\n\t\t\t\t\t\t\t\t\t\t\t<span class=\"elementor-icon-list-icon\">\n\t\t\t\t\t\t\t<i aria-hidden=\"true\" class=\"fas fa-check\"><\/i>\t\t\t\t\t\t<\/span>\n\t\t\t\t\t\t\t\t\t\t<span class=\"elementor-icon-list-text\">Internet auf dem gesamten Gel\u00e4nde. <\/span>\n\t\t\t\t\t\t\t\t\t<\/li>\n\t\t\t\t\t\t\t\t<li class=\"elementor-icon-list-item\">\n\t\t\t\t\t\t\t\t\t\t\t<span class=\"elementor-icon-list-icon\">\n\t\t\t\t\t\t\t<i aria-hidden=\"true\" class=\"fas fa-check\"><\/i>\t\t\t\t\t\t<\/span>\n\t\t\t\t\t\t\t\t\t\t<span class=\"elementor-icon-list-text\">Verschiedene Spielbereiche auf dem Gel\u00e4nde.<\/span>\n\t\t\t\t\t\t\t\t\t<\/li>\n\t\t\t\t\t\t<\/ul>\n\t\t\t\t\t\t<\/div>\n\t\t\t\t<\/div>\n\t\t\t\t\t<\/div>\n\t\t<\/div>\n\t\t\t\t<div class=\"elementor-column elementor-col-33 elementor-inner-column elementor-element elementor-element-8d9a8cb\" data-id=\"8d9a8cb\" data-element_type=\"column\" data-e-type=\"column\">\n\t\t\t<div class=\"elementor-widget-wrap\">\n\t\t\t\t\t\t\t<\/div>\n\t\t<\/div>\n\t\t\t\t\t<\/div>\n\t\t<\/section>\n\t\t\t\t\t<\/div>\n\t\t<\/div>\n\t\t\t\t\t<\/div>\n\t\t<\/section>\n\t\t\t\t<section class=\"elementor-section elementor-top-section elementor-element elementor-element-33e7494 space elementor-section-boxed elementor-section-height-default elementor-section-height-default\" data-id=\"33e7494\" data-element_type=\"section\" data-e-type=\"section\">\n\t\t\t\t\t\t<div class=\"elementor-container elementor-column-gap-default\">\n\t\t\t\t\t<div class=\"elementor-column elementor-col-100 elementor-top-column elementor-element elementor-element-72a7288\" data-id=\"72a7288\" data-element_type=\"column\" data-e-type=\"column\">\n\t\t\t<div class=\"elementor-widget-wrap elementor-element-populated\">\n\t\t\t\t\t\t<section class=\"elementor-section elementor-inner-section elementor-element elementor-element-6dc8ae9 review-row acco-row elementor-section-boxed elementor-section-height-default elementor-section-height-default\" data-id=\"6dc8ae9\" data-element_type=\"section\" data-e-type=\"section\">\n\t\t\t\t\t\t<div class=\"elementor-container elementor-column-gap-custom\">\n\t\t\t\t\t<div class=\"elementor-column elementor-col-33 elementor-inner-column elementor-element elementor-element-8cfe6ae\" data-id=\"8cfe6ae\" data-element_type=\"column\" data-e-type=\"column\">\n\t\t\t<div class=\"elementor-widget-wrap elementor-element-populated\">\n\t\t\t\t\t\t<div class=\"elementor-element elementor-element-5f09d17 elementor-widget__width-inherit elementor-position-top elementor-widget elementor-widget-image-box\" data-id=\"5f09d17\" data-element_type=\"widget\" data-e-type=\"widget\" data-widget_type=\"image-box.default\">\n\t\t\t\t<div class=\"elementor-widget-container\">\n\t\t\t\t\t<div class=\"elementor-image-box-wrapper\"><figure class=\"elementor-image-box-img\"><img fetchpriority=\"high\" decoding=\"async\" width=\"2160\" height=\"1440\" src=\"https:\/\/www.surf-makkum.com\/wp-content\/uploads\/2021\/06\/Surf-N-Sail-Makkum-Familia-Caravan-Verhuur-2.jpg\" class=\"attachment-full size-full wp-image-11324\" alt=\"\" srcset=\"https:\/\/www.surf-makkum.com\/wp-content\/uploads\/2021\/06\/Surf-N-Sail-Makkum-Familia-Caravan-Verhuur-2.jpg 2160w, https:\/\/www.surf-makkum.com\/wp-content\/uploads\/2021\/06\/Surf-N-Sail-Makkum-Familia-Caravan-Verhuur-2-250x167.jpg 250w, https:\/\/www.surf-makkum.com\/wp-content\/uploads\/2021\/06\/Surf-N-Sail-Makkum-Familia-Caravan-Verhuur-2-700x467.jpg 700w, https:\/\/www.surf-makkum.com\/wp-content\/uploads\/2021\/06\/Surf-N-Sail-Makkum-Familia-Caravan-Verhuur-2-768x512.jpg 768w, https:\/\/www.surf-makkum.com\/wp-content\/uploads\/2021\/06\/Surf-N-Sail-Makkum-Familia-Caravan-Verhuur-2-1536x1024.jpg 1536w, https:\/\/www.surf-makkum.com\/wp-content\/uploads\/2021\/06\/Surf-N-Sail-Makkum-Familia-Caravan-Verhuur-2-2048x1365.jpg 2048w, https:\/\/www.surf-makkum.com\/wp-content\/uploads\/2021\/06\/Surf-N-Sail-Makkum-Familia-Caravan-Verhuur-2-120x80.jpg 120w\" sizes=\"(max-width: 2160px) 100vw, 2160px\" \/><\/figure><div class=\"elementor-image-box-content\"><h3 class=\"elementor-image-box-title\">Wohnwagen<br>Familia<\/h3><p class=\"elementor-image-box-description\">Ein Wohnwagen f\u00fcr 5 Personen. Voll ausgestattet und mit Vorzelt. Ab 80 \u20ac pro Nacht inkl. BTW.<\/p><\/div><\/div>\t\t\t\t<\/div>\n\t\t\t\t<\/div>\n\t\t\t\t<div class=\"elementor-element elementor-element-5b4f35f elementor-align-center elementor-mobile-align-center beast elementor-widget elementor-widget-button\" data-id=\"5b4f35f\" data-element_type=\"widget\" data-e-type=\"widget\" data-widget_type=\"button.default\">\n\t\t\t\t<div class=\"elementor-widget-container\">\n\t\t\t\t\t\t\t\t\t<div class=\"elementor-button-wrapper\">\n\t\t\t\t\t<a class=\"elementor-button elementor-button-link elementor-size-sm\" href=\"https:\/\/www.surf-makkum.com\/caravans-huren\/#caravan-familia\">\n\t\t\t\t\t\t<span class=\"elementor-button-content-wrapper\">\n\t\t\t\t\t\t\t\t\t<span class=\"elementor-button-text\">Mehr ansehen<\/span>\n\t\t\t\t\t<\/span>\n\t\t\t\t\t<\/a>\n\t\t\t\t<\/div>\n\t\t\t\t\t\t\t\t<\/div>\n\t\t\t\t<\/div>\n\t\t\t\t\t<\/div>\n\t\t<\/div>\n\t\t\t\t<div class=\"elementor-column elementor-col-33 elementor-inner-column elementor-element elementor-element-6aff357\" data-id=\"6aff357\" data-element_type=\"column\" data-e-type=\"column\">\n\t\t\t<div class=\"elementor-widget-wrap elementor-element-populated\">\n\t\t\t\t\t\t<div class=\"elementor-element elementor-element-dbaa0a7 elementor-widget__width-inherit elementor-position-top elementor-widget elementor-widget-image-box\" data-id=\"dbaa0a7\" data-element_type=\"widget\" data-e-type=\"widget\" data-widget_type=\"image-box.default\">\n\t\t\t\t<div class=\"elementor-widget-container\">\n\t\t\t\t\t<div class=\"elementor-image-box-wrapper\"><figure class=\"elementor-image-box-img\"><a href=\"http:\/\/www.villa-mar.com\/\" target=\"_blank\" tabindex=\"-1\"><img decoding=\"async\" width=\"2160\" height=\"1440\" src=\"https:\/\/www.surf-makkum.com\/wp-content\/uploads\/2021\/06\/Surf-N-Sail-Makkum-Caravan-Verhuur-Heidi-2.jpg\" class=\"attachment-full size-full wp-image-11327\" alt=\"\" srcset=\"https:\/\/www.surf-makkum.com\/wp-content\/uploads\/2021\/06\/Surf-N-Sail-Makkum-Caravan-Verhuur-Heidi-2.jpg 2160w, https:\/\/www.surf-makkum.com\/wp-content\/uploads\/2021\/06\/Surf-N-Sail-Makkum-Caravan-Verhuur-Heidi-2-250x167.jpg 250w, https:\/\/www.surf-makkum.com\/wp-content\/uploads\/2021\/06\/Surf-N-Sail-Makkum-Caravan-Verhuur-Heidi-2-700x467.jpg 700w, https:\/\/www.surf-makkum.com\/wp-content\/uploads\/2021\/06\/Surf-N-Sail-Makkum-Caravan-Verhuur-Heidi-2-768x512.jpg 768w, https:\/\/www.surf-makkum.com\/wp-content\/uploads\/2021\/06\/Surf-N-Sail-Makkum-Caravan-Verhuur-Heidi-2-1536x1024.jpg 1536w, https:\/\/www.surf-makkum.com\/wp-content\/uploads\/2021\/06\/Surf-N-Sail-Makkum-Caravan-Verhuur-Heidi-2-2048x1365.jpg 2048w, https:\/\/www.surf-makkum.com\/wp-content\/uploads\/2021\/06\/Surf-N-Sail-Makkum-Caravan-Verhuur-Heidi-2-120x80.jpg 120w\" sizes=\"(max-width: 2160px) 100vw, 2160px\" \/><\/a><\/figure><div class=\"elementor-image-box-content\"><h3 class=\"elementor-image-box-title\"><a href=\"http:\/\/www.villa-mar.com\/\" target=\"_blank\">Wohnwagen&nbsp;<br>Heidi<br><\/a><\/h3><p class=\"elementor-image-box-description\">Ein Wohnwagen f\u00fcr 4 Personen. Voll ausgestattet und mit Vorzelt. Ab 85 \u20ac pro Nacht.<\/p><\/div><\/div>\t\t\t\t<\/div>\n\t\t\t\t<\/div>\n\t\t\t\t<div class=\"elementor-element elementor-element-c30216f elementor-align-center elementor-mobile-align-center beast elementor-widget elementor-widget-button\" data-id=\"c30216f\" data-element_type=\"widget\" data-e-type=\"widget\" data-widget_type=\"button.default\">\n\t\t\t\t<div class=\"elementor-widget-container\">\n\t\t\t\t\t\t\t\t\t<div class=\"elementor-button-wrapper\">\n\t\t\t\t\t<a class=\"elementor-button elementor-button-link elementor-size-sm\" href=\"https:\/\/www.surf-makkum.com\/caravans-huren\/#caravan-heidi\">\n\t\t\t\t\t\t<span class=\"elementor-button-content-wrapper\">\n\t\t\t\t\t\t\t\t\t<span class=\"elementor-button-text\">Mehr ansehen<\/span>\n\t\t\t\t\t<\/span>\n\t\t\t\t\t<\/a>\n\t\t\t\t<\/div>\n\t\t\t\t\t\t\t\t<\/div>\n\t\t\t\t<\/div>\n\t\t\t\t\t<\/div>\n\t\t<\/div>\n\t\t\t\t<div class=\"elementor-column elementor-col-33 elementor-inner-column elementor-element elementor-element-e78a021\" data-id=\"e78a021\" data-element_type=\"column\" data-e-type=\"column\">\n\t\t\t<div class=\"elementor-widget-wrap elementor-element-populated\">\n\t\t\t\t\t\t<div class=\"elementor-element elementor-element-b7adeb2 elementor-widget__width-inherit elementor-position-top elementor-widget elementor-widget-image-box\" data-id=\"b7adeb2\" data-element_type=\"widget\" data-e-type=\"widget\" data-widget_type=\"image-box.default\">\n\t\t\t\t<div class=\"elementor-widget-container\">\n\t\t\t\t\t<div class=\"elementor-image-box-wrapper\"><figure class=\"elementor-image-box-img\"><a href=\"http:\/\/www.villa-mar.com\/\" target=\"_blank\" tabindex=\"-1\"><img decoding=\"async\" width=\"2160\" height=\"1440\" src=\"https:\/\/www.surf-makkum.com\/wp-content\/uploads\/2021\/06\/Surf-N-Sail-Makkum-VIP-Caravan-Verhuur-2.jpg\" class=\"attachment-full size-full wp-image-11333\" alt=\"\" srcset=\"https:\/\/www.surf-makkum.com\/wp-content\/uploads\/2021\/06\/Surf-N-Sail-Makkum-VIP-Caravan-Verhuur-2.jpg 2160w, https:\/\/www.surf-makkum.com\/wp-content\/uploads\/2021\/06\/Surf-N-Sail-Makkum-VIP-Caravan-Verhuur-2-250x167.jpg 250w, https:\/\/www.surf-makkum.com\/wp-content\/uploads\/2021\/06\/Surf-N-Sail-Makkum-VIP-Caravan-Verhuur-2-700x467.jpg 700w, https:\/\/www.surf-makkum.com\/wp-content\/uploads\/2021\/06\/Surf-N-Sail-Makkum-VIP-Caravan-Verhuur-2-768x512.jpg 768w, https:\/\/www.surf-makkum.com\/wp-content\/uploads\/2021\/06\/Surf-N-Sail-Makkum-VIP-Caravan-Verhuur-2-1536x1024.jpg 1536w, https:\/\/www.surf-makkum.com\/wp-content\/uploads\/2021\/06\/Surf-N-Sail-Makkum-VIP-Caravan-Verhuur-2-2048x1365.jpg 2048w, https:\/\/www.surf-makkum.com\/wp-content\/uploads\/2021\/06\/Surf-N-Sail-Makkum-VIP-Caravan-Verhuur-2-120x80.jpg 120w\" sizes=\"(max-width: 2160px) 100vw, 2160px\" \/><\/a><\/figure><div class=\"elementor-image-box-content\"><h3 class=\"elementor-image-box-title\"><a href=\"http:\/\/www.villa-mar.com\/\" target=\"_blank\">Wohnwagen<br>VIP<\/a><\/h3><p class=\"elementor-image-box-description\">Ein Wohnwagen f\u00fcr 4 Personen. Voll ausgestattet und mit Vorzelt. Vanaf \u20ac 90,- per nacht.<\/p><\/div><\/div>\t\t\t\t<\/div>\n\t\t\t\t<\/div>\n\t\t\t\t<div class=\"elementor-element elementor-element-445c9ed elementor-align-center elementor-mobile-align-center beast elementor-widget elementor-widget-button\" data-id=\"445c9ed\" data-element_type=\"widget\" data-e-type=\"widget\" data-widget_type=\"button.default\">\n\t\t\t\t<div class=\"elementor-widget-container\">\n\t\t\t\t\t\t\t\t\t<div class=\"elementor-button-wrapper\">\n\t\t\t\t\t<a class=\"elementor-button elementor-button-link elementor-size-sm\" href=\"https:\/\/www.surf-makkum.com\/caravans-huren\/#caravan-vip\">\n\t\t\t\t\t\t<span class=\"elementor-button-content-wrapper\">\n\t\t\t\t\t\t\t\t\t<span class=\"elementor-button-text\">Mehr ansehen<\/span>\n\t\t\t\t\t<\/span>\n\t\t\t\t\t<\/a>\n\t\t\t\t<\/div>\n\t\t\t\t\t\t\t\t<\/div>\n\t\t\t\t<\/div>\n\t\t\t\t\t<\/div>\n\t\t<\/div>\n\t\t\t\t\t<\/div>\n\t\t<\/section>\n\t\t\t\t\t<\/div>\n\t\t<\/div>\n\t\t\t\t\t<\/div>\n\t\t<\/section>\n\t\t\t\t<\/div>\n\t\t","protected":false},"excerpt":{"rendered":"Ubernachten Wohnwagen mieten An den sch\u00f6nsten Pl\u00e4tzen des Campingplatzes De Holle Poarte hat Surf N Sail drei Wohnwagen mit Vorzelt. Diese Wohnwagen stehen direkt am Fahrwasser IJsselmeer \u2013 Makkum und bieten einen freien Blick \u00fcber die Noordwaard. Der Campingplatz De Holle Poarte liegt direkt am Strand, hinter der Surfschule. Wenn du einen Wohnwagen auf dem&#8230; <a class=\"view-article\" href=\"https:\/\/www.surf-makkum.com\/de\/gruppenaktivitaeten\/ubernachten\/\">View Article<\/a>","protected":false},"author":5,"featured_media":0,"parent":11249,"menu_order":0,"comment_status":"closed","ping_status":"closed","template":"","meta":{"footnotes":""},"class_list":["post-11250","page","type-page","status-publish","hentry"],"yoast_head":"<!-- This site is optimized with the Yoast SEO plugin v27.3 - https:\/\/yoast.com\/product\/yoast-seo-wordpress\/ -->\n<title>\u00dcbernachten | Makkum | Surf N Sail<\/title>\n<meta name=\"description\" content=\"\u00dcbernachten bei Surf N Sail in Makkum, Friesland? Dies ist m\u00f6glich im Beach Resort Makkum, im Hotel Vila Mar oder auf dem Campingplatz De Holle Poarte. Siehe die Website f\u00fcr weitere Informationen.\" \/>\n<meta name=\"robots\" content=\"index, follow, max-snippet:-1, max-image-preview:large, max-video-preview:-1\" \/>\n<link rel=\"canonical\" href=\"https:\/\/www.surf-makkum.com\/de\/gruppenaktivitaeten\/ubernachten\/\" \/>\n<meta property=\"og:locale\" content=\"de_DE\" \/>\n<meta property=\"og:type\" content=\"article\" \/>\n<meta property=\"og:title\" content=\"\u00dcbernachten | Makkum | Surf N Sail\" \/>\n<meta property=\"og:description\" content=\"\u00dcbernachten bei Surf N Sail in Makkum, Friesland? Dies ist m\u00f6glich im Beach Resort Makkum, im Hotel Vila Mar oder auf dem Campingplatz De Holle Poarte. Siehe die Website f\u00fcr weitere Informationen.\" \/>\n<meta property=\"og:url\" content=\"https:\/\/www.surf-makkum.com\/de\/gruppenaktivitaeten\/ubernachten\/\" \/>\n<meta property=\"og:site_name\" content=\"Surf N Sail Makkum\" \/>\n<meta property=\"article:publisher\" content=\"https:\/\/nl-nl.facebook.com\/surfnsailmakkum\/\" \/>\n<meta property=\"article:modified_time\" content=\"2026-04-24T10:03:14+00:00\" \/>\n<meta property=\"og:image\" content=\"https:\/\/www.surf-makkum.com\/wp-content\/uploads\/2021\/06\/Surf-N-Sail-Makkum-Familia-Caravan-Verhuur-2.jpg\" \/>\n<meta name=\"twitter:card\" content=\"summary_large_image\" \/>\n<meta name=\"twitter:label1\" content=\"Gesch\u00e4tzte Lesezeit\" \/>\n\t<meta name=\"twitter:data1\" content=\"2\u00a0Minuten\" \/>\n<script type=\"application\/ld+json\" class=\"yoast-schema-graph\">{\"@context\":\"https:\\\/\\\/schema.org\",\"@graph\":[{\"@type\":\"WebPage\",\"@id\":\"https:\\\/\\\/www.surf-makkum.com\\\/de\\\/gruppenaktivitaeten\\\/ubernachten\\\/\",\"url\":\"https:\\\/\\\/www.surf-makkum.com\\\/de\\\/gruppenaktivitaeten\\\/ubernachten\\\/\",\"name\":\"\u00dcbernachten | Makkum | Surf N Sail\",\"isPartOf\":{\"@id\":\"https:\\\/\\\/www.surf-makkum.com\\\/#website\"},\"primaryImageOfPage\":{\"@id\":\"https:\\\/\\\/www.surf-makkum.com\\\/de\\\/gruppenaktivitaeten\\\/ubernachten\\\/#primaryimage\"},\"image\":{\"@id\":\"https:\\\/\\\/www.surf-makkum.com\\\/de\\\/gruppenaktivitaeten\\\/ubernachten\\\/#primaryimage\"},\"thumbnailUrl\":\"https:\\\/\\\/www.surf-makkum.com\\\/wp-content\\\/uploads\\\/2021\\\/06\\\/Surf-N-Sail-Makkum-Familia-Caravan-Verhuur-2.jpg\",\"datePublished\":\"2021-06-30T11:58:22+00:00\",\"dateModified\":\"2026-04-24T10:03:14+00:00\",\"description\":\"\u00dcbernachten bei Surf N Sail in Makkum, Friesland? Dies ist m\u00f6glich im Beach Resort Makkum, im Hotel Vila Mar oder auf dem Campingplatz De Holle Poarte. Siehe die Website f\u00fcr weitere Informationen.\",\"breadcrumb\":{\"@id\":\"https:\\\/\\\/www.surf-makkum.com\\\/de\\\/gruppenaktivitaeten\\\/ubernachten\\\/#breadcrumb\"},\"inLanguage\":\"de\",\"potentialAction\":[{\"@type\":\"ReadAction\",\"target\":[\"https:\\\/\\\/www.surf-makkum.com\\\/de\\\/gruppenaktivitaeten\\\/ubernachten\\\/\"]}]},{\"@type\":\"ImageObject\",\"inLanguage\":\"de\",\"@id\":\"https:\\\/\\\/www.surf-makkum.com\\\/de\\\/gruppenaktivitaeten\\\/ubernachten\\\/#primaryimage\",\"url\":\"https:\\\/\\\/www.surf-makkum.com\\\/wp-content\\\/uploads\\\/2021\\\/06\\\/Surf-N-Sail-Makkum-Familia-Caravan-Verhuur-2.jpg\",\"contentUrl\":\"https:\\\/\\\/www.surf-makkum.com\\\/wp-content\\\/uploads\\\/2021\\\/06\\\/Surf-N-Sail-Makkum-Familia-Caravan-Verhuur-2.jpg\"},{\"@type\":\"BreadcrumbList\",\"@id\":\"https:\\\/\\\/www.surf-makkum.com\\\/de\\\/gruppenaktivitaeten\\\/ubernachten\\\/#breadcrumb\",\"itemListElement\":[{\"@type\":\"ListItem\",\"position\":1,\"name\":\"Home\",\"item\":\"https:\\\/\\\/www.surf-makkum.com\\\/de\\\/\"},{\"@type\":\"ListItem\",\"position\":2,\"name\":\"Gruppenaktivit\u00e4ten\",\"item\":\"https:\\\/\\\/www.surf-makkum.com\\\/de\\\/gruppenaktivitaeten\\\/\"},{\"@type\":\"ListItem\",\"position\":3,\"name\":\"Ubernachten\"}]},{\"@type\":\"WebSite\",\"@id\":\"https:\\\/\\\/www.surf-makkum.com\\\/#website\",\"url\":\"https:\\\/\\\/www.surf-makkum.com\\\/\",\"name\":\"Surf N Sail Makkum\",\"description\":\"\",\"publisher\":{\"@id\":\"https:\\\/\\\/www.surf-makkum.com\\\/#organization\"},\"potentialAction\":[{\"@type\":\"SearchAction\",\"target\":{\"@type\":\"EntryPoint\",\"urlTemplate\":\"https:\\\/\\\/www.surf-makkum.com\\\/?s={search_term_string}\"},\"query-input\":{\"@type\":\"PropertyValueSpecification\",\"valueRequired\":true,\"valueName\":\"search_term_string\"}}],\"inLanguage\":\"de\"},{\"@type\":\"Organization\",\"@id\":\"https:\\\/\\\/www.surf-makkum.com\\\/#organization\",\"name\":\"Surf N Sail Makkum\",\"url\":\"https:\\\/\\\/www.surf-makkum.com\\\/\",\"logo\":{\"@type\":\"ImageObject\",\"inLanguage\":\"de\",\"@id\":\"https:\\\/\\\/www.surf-makkum.com\\\/#\\\/schema\\\/logo\\\/image\\\/\",\"url\":\"https:\\\/\\\/www.surf-makkum.com\\\/wp-content\\\/uploads\\\/2021\\\/07\\\/cropped-surf-n-sail-makkum-favicon.png\",\"contentUrl\":\"https:\\\/\\\/www.surf-makkum.com\\\/wp-content\\\/uploads\\\/2021\\\/07\\\/cropped-surf-n-sail-makkum-favicon.png\",\"width\":512,\"height\":512,\"caption\":\"Surf N Sail Makkum\"},\"image\":{\"@id\":\"https:\\\/\\\/www.surf-makkum.com\\\/#\\\/schema\\\/logo\\\/image\\\/\"},\"sameAs\":[\"https:\\\/\\\/nl-nl.facebook.com\\\/surfnsailmakkum\\\/\",\"https:\\\/\\\/www.instagram.com\\\/surfnsailmakkum\\\/\"]}]}<\/script>\n<!-- \/ Yoast SEO plugin. -->","yoast_head_json":{"title":"\u00dcbernachten | Makkum | Surf N Sail","description":"\u00dcbernachten bei Surf N Sail in Makkum, Friesland? Dies ist m\u00f6glich im Beach Resort Makkum, im Hotel Vila Mar oder auf dem Campingplatz De Holle Poarte. Siehe die Website f\u00fcr weitere Informationen.","robots":{"index":"index","follow":"follow","max-snippet":"max-snippet:-1","max-image-preview":"max-image-preview:large","max-video-preview":"max-video-preview:-1"},"canonical":"https:\/\/www.surf-makkum.com\/de\/gruppenaktivitaeten\/ubernachten\/","og_locale":"de_DE","og_type":"article","og_title":"\u00dcbernachten | Makkum | Surf N Sail","og_description":"\u00dcbernachten bei Surf N Sail in Makkum, Friesland? Dies ist m\u00f6glich im Beach Resort Makkum, im Hotel Vila Mar oder auf dem Campingplatz De Holle Poarte. Siehe die Website f\u00fcr weitere Informationen.","og_url":"https:\/\/www.surf-makkum.com\/de\/gruppenaktivitaeten\/ubernachten\/","og_site_name":"Surf N Sail Makkum","article_publisher":"https:\/\/nl-nl.facebook.com\/surfnsailmakkum\/","article_modified_time":"2026-04-24T10:03:14+00:00","og_image":[{"url":"https:\/\/www.surf-makkum.com\/wp-content\/uploads\/2021\/06\/Surf-N-Sail-Makkum-Familia-Caravan-Verhuur-2.jpg","type":"","width":"","height":""}],"twitter_card":"summary_large_image","twitter_misc":{"Gesch\u00e4tzte Lesezeit":"2\u00a0Minuten"},"schema":{"@context":"https:\/\/schema.org","@graph":[{"@type":"WebPage","@id":"https:\/\/www.surf-makkum.com\/de\/gruppenaktivitaeten\/ubernachten\/","url":"https:\/\/www.surf-makkum.com\/de\/gruppenaktivitaeten\/ubernachten\/","name":"\u00dcbernachten | Makkum | Surf N Sail","isPartOf":{"@id":"https:\/\/www.surf-makkum.com\/#website"},"primaryImageOfPage":{"@id":"https:\/\/www.surf-makkum.com\/de\/gruppenaktivitaeten\/ubernachten\/#primaryimage"},"image":{"@id":"https:\/\/www.surf-makkum.com\/de\/gruppenaktivitaeten\/ubernachten\/#primaryimage"},"thumbnailUrl":"https:\/\/www.surf-makkum.com\/wp-content\/uploads\/2021\/06\/Surf-N-Sail-Makkum-Familia-Caravan-Verhuur-2.jpg","datePublished":"2021-06-30T11:58:22+00:00","dateModified":"2026-04-24T10:03:14+00:00","description":"\u00dcbernachten bei Surf N Sail in Makkum, Friesland? Dies ist m\u00f6glich im Beach Resort Makkum, im Hotel Vila Mar oder auf dem Campingplatz De Holle Poarte. Siehe die Website f\u00fcr weitere Informationen.","breadcrumb":{"@id":"https:\/\/www.surf-makkum.com\/de\/gruppenaktivitaeten\/ubernachten\/#breadcrumb"},"inLanguage":"de","potentialAction":[{"@type":"ReadAction","target":["https:\/\/www.surf-makkum.com\/de\/gruppenaktivitaeten\/ubernachten\/"]}]},{"@type":"ImageObject","inLanguage":"de","@id":"https:\/\/www.surf-makkum.com\/de\/gruppenaktivitaeten\/ubernachten\/#primaryimage","url":"https:\/\/www.surf-makkum.com\/wp-content\/uploads\/2021\/06\/Surf-N-Sail-Makkum-Familia-Caravan-Verhuur-2.jpg","contentUrl":"https:\/\/www.surf-makkum.com\/wp-content\/uploads\/2021\/06\/Surf-N-Sail-Makkum-Familia-Caravan-Verhuur-2.jpg"},{"@type":"BreadcrumbList","@id":"https:\/\/www.surf-makkum.com\/de\/gruppenaktivitaeten\/ubernachten\/#breadcrumb","itemListElement":[{"@type":"ListItem","position":1,"name":"Home","item":"https:\/\/www.surf-makkum.com\/de\/"},{"@type":"ListItem","position":2,"name":"Gruppenaktivit\u00e4ten","item":"https:\/\/www.surf-makkum.com\/de\/gruppenaktivitaeten\/"},{"@type":"ListItem","position":3,"name":"Ubernachten"}]},{"@type":"WebSite","@id":"https:\/\/www.surf-makkum.com\/#website","url":"https:\/\/www.surf-makkum.com\/","name":"Surf N Sail Makkum","description":"","publisher":{"@id":"https:\/\/www.surf-makkum.com\/#organization"},"potentialAction":[{"@type":"SearchAction","target":{"@type":"EntryPoint","urlTemplate":"https:\/\/www.surf-makkum.com\/?s={search_term_string}"},"query-input":{"@type":"PropertyValueSpecification","valueRequired":true,"valueName":"search_term_string"}}],"inLanguage":"de"},{"@type":"Organization","@id":"https:\/\/www.surf-makkum.com\/#organization","name":"Surf N Sail Makkum","url":"https:\/\/www.surf-makkum.com\/","logo":{"@type":"ImageObject","inLanguage":"de","@id":"https:\/\/www.surf-makkum.com\/#\/schema\/logo\/image\/","url":"https:\/\/www.surf-makkum.com\/wp-content\/uploads\/2021\/07\/cropped-surf-n-sail-makkum-favicon.png","contentUrl":"https:\/\/www.surf-makkum.com\/wp-content\/uploads\/2021\/07\/cropped-surf-n-sail-makkum-favicon.png","width":512,"height":512,"caption":"Surf N Sail Makkum"},"image":{"@id":"https:\/\/www.surf-makkum.com\/#\/schema\/logo\/image\/"},"sameAs":["https:\/\/nl-nl.facebook.com\/surfnsailmakkum\/","https:\/\/www.instagram.com\/surfnsailmakkum\/"]}]}},"_links":{"self":[{"href":"https:\/\/www.surf-makkum.com\/de\/wp-json\/wp\/v2\/pages\/11250","targetHints":{"allow":["GET"]}}],"collection":[{"href":"https:\/\/www.surf-makkum.com\/de\/wp-json\/wp\/v2\/pages"}],"about":[{"href":"https:\/\/www.surf-makkum.com\/de\/wp-json\/wp\/v2\/types\/page"}],"author":[{"embeddable":true,"href":"https:\/\/www.surf-makkum.com\/de\/wp-json\/wp\/v2\/users\/5"}],"replies":[{"embeddable":true,"href":"https:\/\/www.surf-makkum.com\/de\/wp-json\/wp\/v2\/comments?post=11250"}],"version-history":[{"count":10,"href":"https:\/\/www.surf-makkum.com\/de\/wp-json\/wp\/v2\/pages\/11250\/revisions"}],"predecessor-version":[{"id":13510,"href":"https:\/\/www.surf-makkum.com\/de\/wp-json\/wp\/v2\/pages\/11250\/revisions\/13510"}],"up":[{"embeddable":true,"href":"https:\/\/www.surf-makkum.com\/de\/wp-json\/wp\/v2\/pages\/11249"}],"wp:attachment":[{"href":"https:\/\/www.surf-makkum.com\/de\/wp-json\/wp\/v2\/media?parent=11250"}],"curies":[{"name":"wp","href":"https:\/\/api.w.org\/{rel}","templated":true}]}}